{"id":229,"date":"2016-09-29T19:51:02","date_gmt":"2016-09-29T17:51:02","guid":{"rendered":"http:\/\/www.sk-kesl-ryu.cz\/?page_id=229"},"modified":"2016-10-03T13:37:07","modified_gmt":"2016-10-03T11:37:07","slug":"historie-karate-2","status":"publish","type":"page","link":"https:\/\/www.sk-kesl-ryu.cz\/index.php\/hlavni-stranka\/historie-karate-2\/","title":{"rendered":"Historie karate"},"content":{"rendered":"<p style=\"text-align: justify;\"><strong>Historie Karate<\/strong><br \/>\nP\u016fvod Karate se datuje daleko do minulosti, p\u0159ed v\u00edce ne\u017e tis\u00edc\u00ed lety. Kdy\u017e byl Daruma v kl\u00e1\u0161te\u0159e \u0160ao-lin v \u010c\u00edn\u011b, u\u010dil sv\u00e9 \u017e\u00e1ky metod\u00e1m rozvoje vytrvalosti a fyzick\u00e9 s\u00edly nezbytn\u00fdm k tomu, aby mohli sn\u00e1\u0161et k\u00e1ze\u0148, je\u017e byla sou\u010d\u00e1st\u00ed jejich n\u00e1bo\u017eenstv\u00ed. Fyzick\u00e1 tr\u00e9ninkov\u00e1 metoda se d\u00e1le rozv\u00edjela a p\u0159izp\u016fsobovala, a\u017e se stala t\u00edm, co dnes naz\u00fdv\u00e1me \u0161aolinskou metodou boje. Toto bojov\u00e9 um\u011bn\u00ed bylo p\u0159eneseno na Okinawu a sm\u00edsilo se s dom\u00e1c\u00ed bojovou technikou. Vl\u00e1dce d\u00e1vn\u00e9 Okinawy a pozd\u011bj\u0161\u00ed feud\u00e1ln\u00ed p\u00e1n Kago\u0161imy, nejji\u017en\u011bj\u0161\u00edho v\u00fdb\u011b\u017eku ostrova Kj\u00fa\u0161\u00fa v Japonsku, zak\u00e1zal pou\u017e\u00edv\u00e1n\u00ed zbran\u00ed. To vedlo k rozvoji boje &#8222;pr\u00e1zdn\u00e1 ruka&#8220; i k rozvoji sebeobrann\u00fdch technik.<\/p>\n<p style=\"text-align: justify;\">Toto bojov\u00e9 um\u011bn\u00ed se d\u00edky sv\u00e9mu \u010d\u00ednsk\u00e9mu p\u016fvodu naz\u00fdvalo Karate a psalo se ve znac\u00edch doslovn\u011b vyjad\u0159uj\u00edc\u00edch &#8222;\u010d\u00ednsk\u00e1 ruka&#8220;. Modern\u00ed mistr tohoto um\u011bn\u00ed Gi\u010din Funako\u0161i, kter\u00fd zem\u0159el v roce 1957 ve v\u011bku 88let, zm\u011bnil znaky tak, \u017ee doslovn\u011b znamenaly &#8222;pr\u00e1zdn\u00e1 ruka&#8220;. Funako\u0161i v\u0161ak zvolil tyto znaky i pro jejich v\u00fdznam v zenbudhistick\u00e9 filozofii: &#8222;st\u00e1t se pr\u00e1zdn\u00fdm&#8220;. Pro mistra bylo Karate bojov\u00fdm um\u011bn\u00edm, ale bylo tak\u00e9 prost\u0159edkem tvorby charakteru. Napsal: Jako leskl\u00fd povrch zrcadla odr\u00e1\u017e\u00ed v\u0161e, co je p\u0159ed n\u00edm, a jako tich\u00fdm \u00fadol\u00edm nese i slab\u00fd zvuk, tak mus\u00ed \u017e\u00e1k Karate vypr\u00e1zdnit ze sv\u00e9 mysli sobectv\u00ed a zka\u017eenost p\u0159i \u00fasil\u00ed vhodn\u011b reagovat na cokoli, s \u010d\u00edm se m\u016f\u017ee st\u0159etnout. Toto je v\u00fdznam kara, neboli &#8222;pr\u00e1zdn\u00e1 ruka, v Karate.&#8220;<\/p>\n<p style=\"text-align: justify;\"><strong>Vznik Karate<\/strong><br \/>\nKarate bylo poprv\u00e9 p\u0159edvedeno japonsk\u00e9 ve\u0159ejnosti v roce 1922, kdy Funakoshi, kter\u00fd byl tehdy profesorem na okinawsk\u00e9 vysok\u00e9 pedagogick\u00e9 \u0161kole, byl pozv\u00e1n, aby vyu\u010doval a p\u0159edv\u00e1d\u011bl uk\u00e1zky tradi\u010dn\u00edho bojov\u00e9ho um\u011bn\u00ed pod z\u00e1\u0161titou ministerstva \u0161kolstv\u00ed. Jeho uk\u00e1zky tak zap\u016fsobily na div\u00e1ky a poslucha\u010de, \u017ee byl zavalen \u017e\u00e1dostmi, aby z\u016fstal vyu\u010dovat v Tokiu. Na m\u00edsto n\u00e1vratu na Okinawu u\u010dil Funako\u0161i Karate na r\u016fzn\u00fdch univerzit\u00e1ch a v K\u00f3d\u00f3kanu &#8211; meka Judo &#8211; do doby, kdy byl schopen v roce 1936 ustavit Shotokan, velk\u00fd mezn\u00edk v historii Karate v Japonsku.<\/p>\n<p style=\"text-align: justify;\"><strong>Hloub\u011bji do historie<\/strong><br \/>\nJaponsk\u00e1 asociace Karate byla utvo\u0159ena v roce 1955 s Funako\u0161im jako hlavn\u00edm instruktorem. V t\u00e9 dob\u011b m\u011bla tato organizace jen m\u00e1lo \u010dlen\u016f a n\u011bkolik instruktor\u016f, kte\u0159\u00ed Karate studovali pod veden\u00edm st\u00e1rnouc\u00edho mistra.<\/p>\n<p style=\"text-align: justify;\">Asociaci uznalo ministerstvo \u0161kolstv\u00ed v roce 1958. T\u00e9ho\u017e roku uspo\u0159\u00e1dala asociace prvn\u00ed Celojaponsk\u00e9 mistrovstv\u00ed v Karate, kter\u00e9 se pak stalo ka\u017edoro\u010dn\u00ed z\u00e1le\u017eitost\u00ed a pom\u00e1halo ustavit Karate jako sout\u011b\u017en\u00ed sport.<\/p>\n<p style=\"text-align: justify;\">\u00daloha Karate v modern\u00ed dob\u011b je mnohostrann\u00e1. Jako praktick\u00fd prost\u0159edek sebeobrany se \u0161iroce vyu\u010duje v soukrom\u00fdch klubech a v Japonsku je sou\u010d\u00e1st\u00ed tr\u00e9ninkov\u00e9ho programu pro policisty a \u010dleny ozbrojen\u00fdch sil. Velk\u00fd po\u010det vysok\u00fdch \u0161kol nyn\u00ed za\u010dle\u0148uje Karate do sv\u00fdch program\u016f t\u011blesn\u00e9 v\u00fdchovy a jeho techniky se tak\u00e9 u\u010d\u00ed vzr\u016fstaj\u00edc\u00ed po\u010det \u017een.<\/p>\n<p style=\"text-align: justify;\">V Japonsku Karate z\u00edsk\u00e1v\u00e1 velkou popularitu jako sout\u011b\u017en\u00ed sport, kter\u00fd zd\u016fraz\u0148uje ment\u00e1ln\u00ed k\u00e1ze\u0148 stejn\u011b tak, jako fyzick\u00e9 schopnosti. To, co bylo p\u016fvodn\u011b vytvo\u0159eno na D\u00e1ln\u00e9m v\u00fdchod\u011b jako bojov\u00e9 um\u011bn\u00ed, pak p\u0159e\u017eilo zm\u011bny odehr\u00e1vaj\u00edc\u00ed se stalet\u00ed, aby se stala nejen vysoce \u00fa\u010dinn\u00fdm prost\u0159edkem sebeobrany beze zbran\u011b, ale tak\u00e9 vzru\u0161uj\u00edc\u00edm, vyz\u00fdvaj\u00edc\u00edm sportem, uspokojuj\u00edc\u00edm nad\u0161ence na cel\u00e9m sv\u011bt\u011b.<\/p>\n<p style=\"text-align: justify;\">Gi\u010din Funako\u0161i \u201eotec Karated\u00f3\u201c, je spojuj\u00edc\u00edm \u010dl\u00e1nkem doby, kdy Karate bylo v\u00fdhradn\u011b Okinawsk\u00fdm um\u011bn\u00edm sebeobrany udr\u017eovan\u00fdm v nejhlub\u0161\u00edm utajen\u00ed, a mezi sou\u010dasnost\u00ed, kdy se stalo bojov\u00fdm um\u011bn\u00edm cvi\u010den\u00fdm po cel\u00e9m sv\u011bt\u011b. Pro svoji skromnost se zdr\u00e1hal napsat sv\u016fj vlastn\u00ed \u017eivotopis. Rozhodl se pro to, a\u017e kdy\u017e mu bylo t\u00e9m\u011b\u0159 devades\u00e1t let. Byl nejprve u\u010ditelem, ale po desetilet\u00edch studia pod veden\u00edm nejp\u0159edn\u011bj\u0161\u00edch mistr\u016f v\u011bnoval cel\u00fd zbytek sv\u00e9ho \u017eivota propagaci Cesty Karate. Pod jeho veden\u00edm byly techniky Karate systematizov\u00e1ny a modernizov\u00e1ny, do pop\u0159ed\u00ed byl postaven duchovn\u00ed v\u00fdznam a Karate se vyvinulo ve skute\u010dn\u00e9 bojov\u00e9 um\u011bn\u00ed.<\/p>\n<p style=\"text-align: justify;\">Spr\u00e1vn\u00e1 pochopen\u00ed Karate a jeho spr\u00e1vn\u00e9 pou\u017eit\u00ed je Karated\u00f3. Ten, kdo opravdu tr\u00e9nuje toto d\u00f3 a skute\u010dn\u011b ch\u00e1pe Karated\u00f3, se nikdy nenech\u00e1 snadno vt\u00e1hnout do boje. \u017d\u00e1ci kter\u00e9hokoli um\u011bn\u00ed, obzvl\u00e1\u0161t\u011b Karated\u00f3, nesm\u00ed nikdy zapomenout kultivovat svou mysl a t\u011blo.<\/p>\n<p style=\"text-align: justify;\">Dos\u00e1hnout sta v\u00edt\u011bzstv\u00ed ve stu bitv\u00e1ch nen\u00ed nejvy\u0161\u0161\u00ed dovednost. Nejvy\u0161\u0161\u00ed dovednost je podrobit nep\u0159\u00edtele bez boje.<\/p>\n","protected":false},"excerpt":{"rendered":"<p>Historie Karate P\u016fvod Karate se datuje daleko do minulosti, p\u0159ed v\u00edce ne\u017e tis\u00edc\u00ed lety. Kdy\u017e byl Daruma v kl\u00e1\u0161te\u0159e \u0160ao-lin<\/p>\n","protected":false},"author":2,"featured_media":0,"parent":4,"menu_order":0,"comment_status":"closed","ping_status":"closed","template":"","meta":{"colormag_page_container_layout":"default_layout","colormag_page_sidebar_layout":"default_layout","ngg_post_thumbnail":0,"footnotes":""},"class_list":["post-229","page","type-page","status-publish","hentry"],"_links":{"self":[{"href":"https:\/\/www.sk-kesl-ryu.cz\/index.php\/wp-json\/wp\/v2\/pages\/229","targetHints":{"allow":["GET"]}}],"collection":[{"href":"https:\/\/www.sk-kesl-ryu.cz\/index.php\/wp-json\/wp\/v2\/pages"}],"about":[{"href":"https:\/\/www.sk-kesl-ryu.cz\/index.php\/wp-json\/wp\/v2\/types\/page"}],"author":[{"embeddable":true,"href":"https:\/\/www.sk-kesl-ryu.cz\/index.php\/wp-json\/wp\/v2\/users\/2"}],"replies":[{"embeddable":true,"href":"https:\/\/www.sk-kesl-ryu.cz\/index.php\/wp-json\/wp\/v2\/comments?post=229"}],"version-history":[{"count":2,"href":"https:\/\/www.sk-kesl-ryu.cz\/index.php\/wp-json\/wp\/v2\/pages\/229\/revisions"}],"predecessor-version":[{"id":870,"href":"https:\/\/www.sk-kesl-ryu.cz\/index.php\/wp-json\/wp\/v2\/pages\/229\/revisions\/870"}],"up":[{"embeddable":true,"href":"https:\/\/www.sk-kesl-ryu.cz\/index.php\/wp-json\/wp\/v2\/pages\/4"}],"wp:attachment":[{"href":"https:\/\/www.sk-kesl-ryu.cz\/index.php\/wp-json\/wp\/v2\/media?parent=229"}],"curies":[{"name":"wp","href":"https:\/\/api.w.org\/{rel}","templated":true}]}}